{"version":"1.0","provider_name":"baerentatze","provider_url":"https:\/\/oliver-baer.de\/tatze","author_name":"Oliver Baer","author_url":"https:\/\/oliver-baer.de\/tatze\/author\/admin-2","title":"\u00e0 propos Mitglied des VDS-Vorstandes Oliver Baer - baerentatze","type":"rich","width":600,"height":338,"html":"<blockquote class=\"wp-embedded-content\" data-secret=\"JBXyDCmlFV\"><a href=\"https:\/\/oliver-baer.de\/tatze\/vds-mitglied-des-vorstandes-oliver-baer\">\u00e0 propos Mitglied des VDS-Vorstandes Oliver Baer<\/a><\/blockquote><iframe sandbox=\"allow-scripts\" security=\"restricted\" src=\"https:\/\/oliver-baer.de\/tatze\/vds-mitglied-des-vorstandes-oliver-baer\/embed#?secret=JBXyDCmlFV\" width=\"600\" height=\"338\" title=\"&#8222;\u00e0 propos Mitglied des VDS-Vorstandes Oliver Baer&#8220; &#8211; baerentatze\" data-secret=\"JBXyDCmlFV\" frameborder=\"0\" marginwidth=\"0\" marginheight=\"0\" scrolling=\"no\" class=\"wp-embedded-content\"><\/iframe><script type=\"text\/javascript\">\n\/* <![CDATA[ *\/\n\/*! This file is auto-generated *\/\n!function(d,l){\"use strict\";l.querySelector&&d.addEventListener&&\"undefined\"!=typeof URL&&(d.wp=d.wp||{},d.wp.receiveEmbedMessage||(d.wp.receiveEmbedMessage=function(e){var t=e.data;if((t||t.secret||t.message||t.value)&&!\/[^a-zA-Z0-9]\/.test(t.secret)){for(var s,r,n,a=l.querySelectorAll('iframe[data-secret=\"'+t.secret+'\"]'),o=l.querySelectorAll('blockquote[data-secret=\"'+t.secret+'\"]'),c=new RegExp(\"^https?:$\",\"i\"),i=0;i<o.length;i++)o[i].style.display=\"none\";for(i=0;i<a.length;i++)s=a[i],e.source===s.contentWindow&&(s.removeAttribute(\"style\"),\"height\"===t.message?(1e3<(r=parseInt(t.value,10))?r=1e3:~~r<200&&(r=200),s.height=r):\"link\"===t.message&&(r=new URL(s.getAttribute(\"src\")),n=new URL(t.value),c.test(n.protocol))&&n.host===r.host&&l.activeElement===s&&(d.top.location.href=t.value))}},d.addEventListener(\"message\",d.wp.receiveEmbedMessage,!1),l.addEventListener(\"DOMContentLoaded\",function(){for(var e,t,s=l.querySelectorAll(\"iframe.wp-embedded-content\"),r=0;r<s.length;r++)(t=(e=s[r]).getAttribute(\"data-secret\"))||(t=Math.random().toString(36).substring(2,12),e.src+=\"#?secret=\"+t,e.setAttribute(\"data-secret\",t)),e.contentWindow.postMessage({message:\"ready\",secret:t},\"*\")},!1)))}(window,document);\n\/* ]]> *\/\n<\/script>\n","description":"Oliver Baer, Mitglied des VDS-Vorstands \u00fcber AfD und die Gr\u00fcnen. \u00fcber den Verzicht auf jeden Zuspruch seitens v\u00f6lkisch-nationaler Parteien und Gruppierungen und \u00fcber den naiven Glauben, die Welt w\u00fcrde gerechter, wenn wir die Sprache ver\u00e4ndern. So leicht gibt es keine Gerechtigkeit. Baer hat seine Muttersprache im Ausland sch\u00e4tzen gelernt, daher seine Offenheit f\u00fcr viele Kulturen und ihre Sprachen.","thumbnail_url":"https:\/\/oliver-baer.de\/tatze\/wp-content\/uploads\/2024\/04\/Oliver-Baer-aug-2020-204x300.jpg"}