{"version":"1.0","provider_name":"baerentatze","provider_url":"https:\/\/oliver-baer.de\/tatze","author_name":"Oliver Baer","author_url":"https:\/\/oliver-baer.de\/tatze\/author\/admin-2","title":"Staatsb\u00fcrgerkunde f\u00fcr Kabinettsmitglieder - baerentatze","type":"rich","width":600,"height":338,"html":"<blockquote class=\"wp-embedded-content\" data-secret=\"akH2aZsZvJ\"><a href=\"https:\/\/oliver-baer.de\/tatze\/staatsbuergerkunde-fuer-kabinettsmitglieder\">Staatsb\u00fcrgerkunde f\u00fcr Kabinettsmitglieder<\/a><\/blockquote><iframe sandbox=\"allow-scripts\" security=\"restricted\" src=\"https:\/\/oliver-baer.de\/tatze\/staatsbuergerkunde-fuer-kabinettsmitglieder\/embed#?secret=akH2aZsZvJ\" width=\"600\" height=\"338\" title=\"&#8222;Staatsb\u00fcrgerkunde f\u00fcr Kabinettsmitglieder&#8220; &#8211; baerentatze\" data-secret=\"akH2aZsZvJ\" frameborder=\"0\" marginwidth=\"0\" marginheight=\"0\" scrolling=\"no\" class=\"wp-embedded-content\"><\/iframe><script type=\"text\/javascript\">\n\/* <![CDATA[ *\/\n\/*! This file is auto-generated *\/\n!function(d,l){\"use strict\";l.querySelector&&d.addEventListener&&\"undefined\"!=typeof URL&&(d.wp=d.wp||{},d.wp.receiveEmbedMessage||(d.wp.receiveEmbedMessage=function(e){var t=e.data;if((t||t.secret||t.message||t.value)&&!\/[^a-zA-Z0-9]\/.test(t.secret)){for(var s,r,n,a=l.querySelectorAll('iframe[data-secret=\"'+t.secret+'\"]'),o=l.querySelectorAll('blockquote[data-secret=\"'+t.secret+'\"]'),c=new RegExp(\"^https?:$\",\"i\"),i=0;i<o.length;i++)o[i].style.display=\"none\";for(i=0;i<a.length;i++)s=a[i],e.source===s.contentWindow&&(s.removeAttribute(\"style\"),\"height\"===t.message?(1e3<(r=parseInt(t.value,10))?r=1e3:~~r<200&&(r=200),s.height=r):\"link\"===t.message&&(r=new URL(s.getAttribute(\"src\")),n=new URL(t.value),c.test(n.protocol))&&n.host===r.host&&l.activeElement===s&&(d.top.location.href=t.value))}},d.addEventListener(\"message\",d.wp.receiveEmbedMessage,!1),l.addEventListener(\"DOMContentLoaded\",function(){for(var e,t,s=l.querySelectorAll(\"iframe.wp-embedded-content\"),r=0;r<s.length;r++)(t=(e=s[r]).getAttribute(\"data-secret\"))||(t=Math.random().toString(36).substring(2,12),e.src+=\"#?secret=\"+t,e.setAttribute(\"data-secret\",t)),e.contentWindow.postMessage({message:\"ready\",secret:t},\"*\")},!1)))}(window,document);\n\/* ]]> *\/\n<\/script>\n","description":"In der ZEIT zerrupft der Literaturkritiker und Autor Ijoma Mangold die Regierungspl\u00e4ne f\u00fcr das Demokratief\u00f6rdergesetz, welches der Gestaltung gesellschaftlicher Vielfalt und der Extremismuspr\u00e4vention dienen soll. Innenminister Nancy Faeser hatte sich zu einer Warnung wie aus Budapest oder Ankara hinrei\u00dfen lassen: \u201eDiejenigen, die den Staat verh\u00f6hnen, m\u00fcssen es mit einem starken Staat zu tun bekommen.\u201c Dass [&hellip;]","thumbnail_url":"https:\/\/oliver-baer.de\/tatze\/wp-content\/uploads\/2024\/04\/sculptures-Ohorn-269x300.jpg"}